{"id":13101,"date":"2023-06-06T13:31:31","date_gmt":"2023-06-06T11:31:31","guid":{"rendered":"https:\/\/yuga.at\/?page_id=13101"},"modified":"2023-09-04T01:00:52","modified_gmt":"2023-09-03T23:00:52","slug":"veroeffentlicht","status":"publish","type":"page","link":"https:\/\/yuga.at\/de\/objave\/","title":{"rendered":"Beitr\u00e4ge"},"content":{"rendered":"<style>.kt-post-loop_955f06-cb .kadence-post-image{padding-top:0px;padding-right:0px;padding-bottom:0px;padding-left:0px;}.kt-post-loop_955f06-cb .kt-post-grid-wrap{gap:30px 30px;}.kt-post-loop_955f06-cb .kt-blocks-post-grid-item{border-top-left-radius:0px;border-top-right-radius:0px;border-bottom-right-radius:0px;border-bottom-left-radius:0px;overflow:hidden;}.kt-post-loop_955f06-cb .kt-blocks-post-grid-item .kt-blocks-post-grid-item-inner{padding-top:0px;padding-right:30px;padding-bottom:0px;padding-left:30px;}.kt-post-loop_955f06-cb .kt-blocks-post-grid-item .kt-blocks-post-grid-item-inner{text-align:left;}.kt-post-loop_955f06-cb .kt-blocks-post-grid-item header{padding-top:0px;padding-right:15px;padding-bottom:10px;padding-left:15px;margin-top:-30px;margin-right:0px;margin-bottom:0px;margin-left:0px;background-color:#ffffff;}.kt-post-loop_955f06-cb .kt-blocks-post-grid-item .entry-title{padding-top:10px;padding-right:0px;padding-bottom:5px;padding-left:0px;margin-top:0px;margin-right:0px;margin-bottom:0px;margin-left:0px;font-size:28px;line-height:40px;}.kt-post-loop_955f06-cb .entry-content{padding-top:0px;padding-right:15px;padding-bottom:0px;padding-left:15px;margin-top:0px;margin-right:0px;margin-bottom:0px;margin-left:0px;}.kt-post-loop_955f06-cb .kt-blocks-post-footer{border-top-width:0px;border-right-width:0px;border-bottom-width:0px;border-left-width:0px;padding-top:0px;padding-right:15px;padding-bottom:5px;padding-left:15px;margin-top:0px;margin-right:0px;margin-bottom:0px;margin-left:0px;line-height:50px;}.kt-post-loop_955f06-cb .entry-content:after{height:0px;}.kt-post-loop_955f06-cb .kb-filter-item{border-top-width:0px;border-right-width:0px;border-bottom-width:2px;border-left-width:0px;padding-top:5px;padding-right:8px;padding-bottom:5px;padding-left:8px;margin-top:0px;margin-right:10px;margin-bottom:0px;margin-left:0px;}<\/style><div class=\"wp-block-kadence-postgrid kt-blocks-post-loop-block alignfull kt-post-loop_955f06-cb kt-post-grid-layout-grid\"><div class=\"kt-post-grid-layout-grid-wrap kt-post-grid-wrap\" data-columns-xxl=\"2\" data-columns-xl=\"2\" data-columns-md=\"2\" data-columns-sm=\"2\" data-columns-xs=\"1\" data-columns-ss=\"1\"data-item-selector=\".kt-post-masonry-item\" aria-label=\"Post Carousel\"><article class=\"kt-blocks-post-grid-item post-18922 post type-post status-publish format-standard has-post-thumbnail hentry category-vesti-austrija category-vesti entry category-97 category-49\"><div class=\"kt-blocks-post-grid-item-inner-wrap kt-feat-image-align-top kt-feat-image-mobile-align-top\"><div class=\"kadence-post-image\"><div class=\"kadence-post-image-intrisic kt-image-ratio-66-67\" style=\"padding-bottom:66.67%;\"><div class=\"kadence-post-image-inner-intrisic\"><a aria-hidden=\"true\" tabindex=\"-1\" role=\"presentation\" href=\"https:\/\/yuga.at\/de\/mi-pripadamo-ovde-projekat-o-identitetu-i-integraciji-mladih-u-becu\/\" aria-label=\"Wir geh\u00f6ren hierher: Projekt zur Identit\u00e4t und Integration junger Menschen mit Migrationshintergrund in Wien\" class=\"kadence-post-image-inner-wrap\"><img loading=\"lazy\" decoding=\"async\" width=\"798\" height=\"655\" src=\"https:\/\/yuga.at\/wp-content\/uploads\/Ich-bin-hier-\u2013-Identitat-Zugehorigkeit-und-Mitgestaltung-1404x1152.jpg\" class=\"attachment-large size-large wp-post-image\" alt=\"Plakat za projekat\" srcset=\"https:\/\/yuga.at\/wp-content\/uploads\/Ich-bin-hier-\u2013-Identitat-Zugehorigkeit-und-Mitgestaltung-1404x1152.jpg 1404w, https:\/\/yuga.at\/wp-content\/uploads\/Ich-bin-hier-\u2013-Identitat-Zugehorigkeit-und-Mitgestaltung-978x803.jpg 978w, https:\/\/yuga.at\/wp-content\/uploads\/Ich-bin-hier-\u2013-Identitat-Zugehorigkeit-und-Mitgestaltung-768x630.jpg 768w, https:\/\/yuga.at\/wp-content\/uploads\/Ich-bin-hier-\u2013-Identitat-Zugehorigkeit-und-Mitgestaltung-15x12.jpg 15w, https:\/\/yuga.at\/wp-content\/uploads\/Ich-bin-hier-\u2013-Identitat-Zugehorigkeit-und-Mitgestaltung-50x41.jpg 50w, https:\/\/yuga.at\/wp-content\/uploads\/Ich-bin-hier-\u2013-Identitat-Zugehorigkeit-und-Mitgestaltung-100x82.jpg 100w, https:\/\/yuga.at\/wp-content\/uploads\/Ich-bin-hier-\u2013-Identitat-Zugehorigkeit-und-Mitgestaltung.jpg 1433w\" sizes=\"auto, (max-width: 798px) 100vw, 798px\" \/><\/a><\/div><\/div><\/div><div class=\"kt-blocks-post-grid-item-inner\"><header><h2 class=\"entry-title\"><a href=\"https:\/\/yuga.at\/de\/mi-pripadamo-ovde-projekat-o-identitetu-i-integraciji-mladih-u-becu\/\">Wir geh\u00f6ren hierher: Projekt zur Identit\u00e4t und Integration junger Menschen mit Migrationshintergrund in Wien<\/a><\/h2><div class=\"kt-blocks-post-top-meta\"><\/div><\/header><div class=\"entry-content\">U okviru svojih aktivnosti, Udru\u017eenje KIN (Kultur-Integration-Netzwerk) uspe\u0161no sprovodi projekat koji je podr\u017ean od strane MA17 pod nazivom &#8220;Integracija, identitet i mesto u dru\u0161tvu&#8221;&#8230;.<\/div><footer class=\"kt-blocks-post-footer\"><div class=\"kt-blocks-post-footer-left\"><div class=\"kt-blocks-date kt-blocks-post-footer-section\"><time datetime=\"28 Apr. 2026 | 17:44\" class=\"kt-blocks-post-date\">28 Apr. 2026 | 17:44<\/time><\/div><div class=\"kt-blocks-categories kt-blocks-post-footer-section\"><span class=\"kt-blocks-tags-icon\"><svg version=\"1.1\" xmlns=\"http:\/\/www.w3.org\/2000\/svg\" class=\"kt-blocks-cat-svg\" fill=\"currentColor\" width=\"32\" height=\"32\" viewbox=\"0 0 32 32\"><title>Kategorien<\/title>\n\t\t\t<path d=\"M0 10h32l-2 20h-28l-2-20zM29 6l1 2h-28l2-4h11l1 2h13z\"><\/path><\/svg><\/span><a href=\"https:\/\/yuga.at\/de\/category\/vesti\/vesti-austrija\/\" rel=\"category tag\">\u00d6sterreich<\/a>, <a href=\"https:\/\/yuga.at\/de\/category\/vesti\/\" rel=\"category tag\">Nachrichten<\/a><\/div><\/div><div class=\"kt-blocks-post-footer-right\"><\/div><\/footer><\/div><\/div><\/article><article class=\"kt-blocks-post-grid-item post-18856 post type-post status-publish format-standard has-post-thumbnail hentry category-vesti-austrija category-muzika category-vesti tag-koncert tag-muzika entry category-97 category-651 category-49\"><div class=\"kt-blocks-post-grid-item-inner-wrap kt-feat-image-align-top kt-feat-image-mobile-align-top\"><div class=\"kadence-post-image\"><div class=\"kadence-post-image-intrisic kt-image-ratio-66-67\" style=\"padding-bottom:66.67%;\"><div class=\"kadence-post-image-inner-intrisic\"><a aria-hidden=\"true\" tabindex=\"-1\" role=\"presentation\" href=\"https:\/\/yuga.at\/de\/kamerni-orkestar-sonore\/\" aria-label=\"Mladi muzi\u010dari iz Srbije sti\u017eu u Be\u010d \u2013 podr\u017eimo Kamerni orkestar Sonore\" class=\"kadence-post-image-inner-wrap\"><img loading=\"lazy\" decoding=\"async\" width=\"798\" height=\"532\" src=\"https:\/\/yuga.at\/wp-content\/uploads\/Sonora.jpg\" class=\"attachment-large size-large wp-post-image\" alt=\"Kamerni orkestar Sonore\" srcset=\"https:\/\/yuga.at\/wp-content\/uploads\/Sonora.jpg 1400w, https:\/\/yuga.at\/wp-content\/uploads\/Sonora-978x652.jpg 978w, https:\/\/yuga.at\/wp-content\/uploads\/Sonora-768x512.jpg 768w, https:\/\/yuga.at\/wp-content\/uploads\/Sonora-391x260.jpg 391w, https:\/\/yuga.at\/wp-content\/uploads\/Sonora-18x12.jpg 18w, https:\/\/yuga.at\/wp-content\/uploads\/Sonora-50x33.jpg 50w, https:\/\/yuga.at\/wp-content\/uploads\/Sonora-100x67.jpg 100w\" sizes=\"auto, (max-width: 798px) 100vw, 798px\" \/><\/a><\/div><\/div><\/div><div class=\"kt-blocks-post-grid-item-inner\"><header><h2 class=\"entry-title\"><a href=\"https:\/\/yuga.at\/de\/kamerni-orkestar-sonore\/\">Mladi muzi\u010dari iz Srbije sti\u017eu u Be\u010d \u2013 podr\u017eimo Kamerni orkestar Sonore<\/a><\/h2><div class=\"kt-blocks-post-top-meta\"><\/div><\/header><div class=\"entry-content\">Krajem jula Be\u010d \u0107e ponovo biti doma\u0107in jednog od najzna\u010dajnijih muzi\u010dkih doga\u0111aja u Evropi, Svetskog orkestarskog festivala, koji svake godine okuplja ansamble iz celog&#8230;<\/div><footer class=\"kt-blocks-post-footer\"><div class=\"kt-blocks-post-footer-left\"><div class=\"kt-blocks-date kt-blocks-post-footer-section\"><time datetime=\"10 Apr. 2026 | 12:14\" class=\"kt-blocks-post-date\">10 Apr. 2026 | 12:14<\/time><\/div><div class=\"kt-blocks-categories kt-blocks-post-footer-section\"><span class=\"kt-blocks-tags-icon\"><svg version=\"1.1\" xmlns=\"http:\/\/www.w3.org\/2000\/svg\" class=\"kt-blocks-cat-svg\" fill=\"currentColor\" width=\"32\" height=\"32\" viewbox=\"0 0 32 32\"><title>Kategorien<\/title>\n\t\t\t<path d=\"M0 10h32l-2 20h-28l-2-20zM29 6l1 2h-28l2-4h11l1 2h13z\"><\/path><\/svg><\/span><a href=\"https:\/\/yuga.at\/de\/category\/vesti\/vesti-austrija\/\" rel=\"category tag\">\u00d6sterreich<\/a>, <a href=\"https:\/\/yuga.at\/de\/category\/drustvo\/muzika\/\" rel=\"category tag\">Musik<\/a>, <a href=\"https:\/\/yuga.at\/de\/category\/vesti\/\" rel=\"category tag\">Nachrichten<\/a><\/div><\/div><div class=\"kt-blocks-post-footer-right\"><\/div><\/footer><\/div><\/div><\/article><article class=\"kt-blocks-post-grid-item post-18772 post type-post status-publish format-standard has-post-thumbnail hentry category-exyu-turizam category-pravo category-turizam-u-regionu category-zakoni tag-granica tag-putovanje tag-zakon entry category-735 category-52 category-296 category-282\"><div class=\"kt-blocks-post-grid-item-inner-wrap kt-feat-image-align-top kt-feat-image-mobile-align-top\"><div class=\"kadence-post-image\"><div class=\"kadence-post-image-intrisic kt-image-ratio-66-67\" style=\"padding-bottom:66.67%;\"><div class=\"kadence-post-image-inner-intrisic\"><a aria-hidden=\"true\" tabindex=\"-1\" role=\"presentation\" href=\"https:\/\/yuga.at\/de\/ovlascenje-za-putovanje-deteta-austrija\/\" aria-label=\"Reisen von Kindern aus \u00d6sterreich ohne Eltern \u2013 was man vor der Abreise wirklich wissen sollte\" class=\"kadence-post-image-inner-wrap\"><img loading=\"lazy\" decoding=\"async\" width=\"798\" height=\"532\" src=\"https:\/\/yuga.at\/wp-content\/uploads\/putovanje-dece-bez-roditelja.jpg\" class=\"attachment-large size-large wp-post-image\" alt=\"Devoj\u010dica na aerodromu dr\u017ei paso\u0161 u ruci\" srcset=\"https:\/\/yuga.at\/wp-content\/uploads\/putovanje-dece-bez-roditelja.jpg 1400w, https:\/\/yuga.at\/wp-content\/uploads\/putovanje-dece-bez-roditelja-978x652.jpg 978w, https:\/\/yuga.at\/wp-content\/uploads\/putovanje-dece-bez-roditelja-768x512.jpg 768w, https:\/\/yuga.at\/wp-content\/uploads\/putovanje-dece-bez-roditelja-391x260.jpg 391w, https:\/\/yuga.at\/wp-content\/uploads\/putovanje-dece-bez-roditelja-18x12.jpg 18w, https:\/\/yuga.at\/wp-content\/uploads\/putovanje-dece-bez-roditelja-50x33.jpg 50w, https:\/\/yuga.at\/wp-content\/uploads\/putovanje-dece-bez-roditelja-243x162.jpg 243w\" sizes=\"auto, (max-width: 798px) 100vw, 798px\" \/><\/a><\/div><\/div><\/div><div class=\"kt-blocks-post-grid-item-inner\"><header><h2 class=\"entry-title\"><a href=\"https:\/\/yuga.at\/de\/ovlascenje-za-putovanje-deteta-austrija\/\">Reisen von Kindern aus \u00d6sterreich ohne Eltern \u2013 was man vor der Abreise wirklich wissen sollte<\/a><\/h2><div class=\"kt-blocks-post-top-meta\"><\/div><\/header><div class=\"entry-content\">Za mnoge porodice u Austriji, putovanja dece bez oba roditelja nisu izuzetak ve\u0107 rutina. Raspusti, posete baki i deki, ekskurzije ili letovanja, sve su&#8230;<\/div><footer class=\"kt-blocks-post-footer\"><div class=\"kt-blocks-post-footer-left\"><div class=\"kt-blocks-date kt-blocks-post-footer-section\"><time datetime=\"31 M\u00e4rz 2026 | 19:10\" class=\"kt-blocks-post-date\">31 M\u00e4rz 2026 | 19:10<\/time><\/div><div class=\"kt-blocks-categories kt-blocks-post-footer-section\"><span class=\"kt-blocks-tags-icon\"><svg version=\"1.1\" xmlns=\"http:\/\/www.w3.org\/2000\/svg\" class=\"kt-blocks-cat-svg\" fill=\"currentColor\" width=\"32\" height=\"32\" viewbox=\"0 0 32 32\"><title>Kategorien<\/title>\n\t\t\t<path d=\"M0 10h32l-2 20h-28l-2-20zM29 6l1 2h-28l2-4h11l1 2h13z\"><\/path><\/svg><\/span><a href=\"https:\/\/yuga.at\/de\/category\/turizam\/exyu-turizam\/\" rel=\"category tag\">exYU Turizam<\/a>, <a href=\"https:\/\/yuga.at\/de\/category\/pravo\/\" rel=\"category tag\">Recht<\/a>, <a href=\"https:\/\/yuga.at\/de\/category\/turizam\/turizam-u-regionu\/\" rel=\"category tag\">Tourismus in Region<\/a>, <a href=\"https:\/\/yuga.at\/de\/category\/pravo\/zakoni\/\" rel=\"category tag\">Gesetze<\/a><\/div><\/div><div class=\"kt-blocks-post-footer-right\"><\/div><\/footer><\/div><\/div><\/article><article class=\"kt-blocks-post-grid-item post-18718 post type-post status-publish format-standard has-post-thumbnail hentry category-izletista-u-becu category-turizam category-turizam-u-austriji category-turizam-u-becu category-turizam-u-becu-lokacije tag-park tag-turizam entry category-523 category-53 category-373 category-371 category-744\"><div class=\"kt-blocks-post-grid-item-inner-wrap kt-feat-image-align-top kt-feat-image-mobile-align-top\"><div class=\"kadence-post-image\"><div class=\"kadence-post-image-intrisic kt-image-ratio-66-67\" style=\"padding-bottom:66.67%;\"><div class=\"kadence-post-image-inner-intrisic\"><a aria-hidden=\"true\" tabindex=\"-1\" role=\"presentation\" href=\"https:\/\/yuga.at\/de\/bank-austria-park-bec-alisa-u-zemlji-cuda\/\" aria-label=\"Bank Austria Park in Wien: ein Ort, der viele an \u201eAlice im Wunderland\u201c erinnert\" class=\"kadence-post-image-inner-wrap\"><img loading=\"lazy\" decoding=\"async\" width=\"798\" height=\"532\" src=\"https:\/\/yuga.at\/wp-content\/uploads\/bank-austria-park.jpg\" class=\"attachment-large size-large wp-post-image\" alt=\"Bank Austria Park u Be\u010du\" srcset=\"https:\/\/yuga.at\/wp-content\/uploads\/bank-austria-park.jpg 1400w, https:\/\/yuga.at\/wp-content\/uploads\/bank-austria-park-978x652.jpg 978w, https:\/\/yuga.at\/wp-content\/uploads\/bank-austria-park-768x512.jpg 768w, https:\/\/yuga.at\/wp-content\/uploads\/bank-austria-park-391x260.jpg 391w, https:\/\/yuga.at\/wp-content\/uploads\/bank-austria-park-18x12.jpg 18w, https:\/\/yuga.at\/wp-content\/uploads\/bank-austria-park-50x33.jpg 50w, https:\/\/yuga.at\/wp-content\/uploads\/bank-austria-park-243x162.jpg 243w\" sizes=\"auto, (max-width: 798px) 100vw, 798px\" \/><\/a><\/div><\/div><\/div><div class=\"kt-blocks-post-grid-item-inner\"><header><h2 class=\"entry-title\"><a href=\"https:\/\/yuga.at\/de\/bank-austria-park-bec-alisa-u-zemlji-cuda\/\">Bank Austria Park in Wien: ein Ort, der viele an \u201eAlice im Wunderland\u201c erinnert<\/a><\/h2><div class=\"kt-blocks-post-top-meta\"><\/div><\/header><div class=\"entry-content\">Be\u010d stalno dobija nova mesta za \u0161etnju, predah i beg od gradske gu\u017eve, ali malo koje poslednjih meseci izaziva toliko radoznalosti kao Bank Austria&#8230;<\/div><footer class=\"kt-blocks-post-footer\"><div class=\"kt-blocks-post-footer-left\"><div class=\"kt-blocks-date kt-blocks-post-footer-section\"><time datetime=\"19 M\u00e4rz 2026 | 08:23\" class=\"kt-blocks-post-date\">19 M\u00e4rz 2026 | 08:23<\/time><\/div><div class=\"kt-blocks-categories kt-blocks-post-footer-section\"><span class=\"kt-blocks-tags-icon\"><svg version=\"1.1\" xmlns=\"http:\/\/www.w3.org\/2000\/svg\" class=\"kt-blocks-cat-svg\" fill=\"currentColor\" width=\"32\" height=\"32\" viewbox=\"0 0 32 32\"><title>Kategorien<\/title>\n\t\t\t<path d=\"M0 10h32l-2 20h-28l-2-20zM29 6l1 2h-28l2-4h11l1 2h13z\"><\/path><\/svg><\/span><a href=\"https:\/\/yuga.at\/de\/category\/turizam\/turizam-u-becu\/izletista-u-becu\/\" rel=\"category tag\">Ausflugsziele in Wien<\/a>, <a href=\"https:\/\/yuga.at\/de\/category\/turizam\/\" rel=\"category tag\">Tourismus<\/a>, <a href=\"https:\/\/yuga.at\/de\/category\/turizam\/turizam-u-austriji\/\" rel=\"category tag\">Tourismus in \u00d6sterreich<\/a>, <a href=\"https:\/\/yuga.at\/de\/category\/turizam\/turizam-u-becu\/\" rel=\"category tag\">Tourismus in Wien<\/a>, <a href=\"https:\/\/yuga.at\/de\/category\/turizam\/turizam-u-becu\/turizam-u-becu-lokacije\/\" rel=\"category tag\">Turismus in Wien - Sehensw\u00fcrdigkeiten<\/a><\/div><\/div><div class=\"kt-blocks-post-footer-right\"><\/div><\/footer><\/div><\/div><\/article><article class=\"kt-blocks-post-grid-item post-18697 post type-post status-publish format-standard has-post-thumbnail hentry category-pravo category-zakoni category-zivot-i-rad tag-hitna-pomoc tag-lekari tag-osiguranje tag-pomoc tag-zdravstvo entry category-52 category-282 category-281\"><div class=\"kt-blocks-post-grid-item-inner-wrap kt-feat-image-align-top kt-feat-image-mobile-align-top\"><div class=\"kadence-post-image\"><div class=\"kadence-post-image-intrisic kt-image-ratio-66-67\" style=\"padding-bottom:66.67%;\"><div class=\"kadence-post-image-inner-intrisic\"><a aria-hidden=\"true\" tabindex=\"-1\" role=\"presentation\" href=\"https:\/\/yuga.at\/de\/gde-u-becu-mogu-da-se-lece-ljudi-bez-zdravstvenog-osiguranja\/\" aria-label=\"Wo kann man sich in Wien ohne Krankenversicherung behandeln lassen?\" class=\"kadence-post-image-inner-wrap\"><img loading=\"lazy\" decoding=\"async\" width=\"798\" height=\"532\" src=\"https:\/\/yuga.at\/wp-content\/uploads\/besplatna-zdravstvena-pomoc-u-becu.jpg\" class=\"attachment-large size-large wp-post-image\" alt=\"besplatna-zdravstvena-pomoc-u-becu\" srcset=\"https:\/\/yuga.at\/wp-content\/uploads\/besplatna-zdravstvena-pomoc-u-becu.jpg 1400w, https:\/\/yuga.at\/wp-content\/uploads\/besplatna-zdravstvena-pomoc-u-becu-978x652.jpg 978w, https:\/\/yuga.at\/wp-content\/uploads\/besplatna-zdravstvena-pomoc-u-becu-768x512.jpg 768w, https:\/\/yuga.at\/wp-content\/uploads\/besplatna-zdravstvena-pomoc-u-becu-391x260.jpg 391w, https:\/\/yuga.at\/wp-content\/uploads\/besplatna-zdravstvena-pomoc-u-becu-18x12.jpg 18w, https:\/\/yuga.at\/wp-content\/uploads\/besplatna-zdravstvena-pomoc-u-becu-50x33.jpg 50w, https:\/\/yuga.at\/wp-content\/uploads\/besplatna-zdravstvena-pomoc-u-becu-243x162.jpg 243w\" sizes=\"auto, (max-width: 798px) 100vw, 798px\" \/><\/a><\/div><\/div><\/div><div class=\"kt-blocks-post-grid-item-inner\"><header><h2 class=\"entry-title\"><a href=\"https:\/\/yuga.at\/de\/gde-u-becu-mogu-da-se-lece-ljudi-bez-zdravstvenog-osiguranja\/\">Wo kann man sich in Wien ohne Krankenversicherung behandeln lassen?<\/a><\/h2><div class=\"kt-blocks-post-top-meta\"><\/div><\/header><div class=\"entry-content\">U Austriji gotovo svi imaju zdravstveno osiguranje, ali ipak postoje ljudi koji iz raznih razloga ostanu van sistema. To mogu biti osobe koje su&#8230;<\/div><footer class=\"kt-blocks-post-footer\"><div class=\"kt-blocks-post-footer-left\"><div class=\"kt-blocks-date kt-blocks-post-footer-section\"><time datetime=\"14 M\u00e4rz 2026 | 14:48\" class=\"kt-blocks-post-date\">14 M\u00e4rz 2026 | 14:48<\/time><\/div><div class=\"kt-blocks-categories kt-blocks-post-footer-section\"><span class=\"kt-blocks-tags-icon\"><svg version=\"1.1\" xmlns=\"http:\/\/www.w3.org\/2000\/svg\" class=\"kt-blocks-cat-svg\" fill=\"currentColor\" width=\"32\" height=\"32\" viewbox=\"0 0 32 32\"><title>Kategorien<\/title>\n\t\t\t<path d=\"M0 10h32l-2 20h-28l-2-20zM29 6l1 2h-28l2-4h11l1 2h13z\"><\/path><\/svg><\/span><a href=\"https:\/\/yuga.at\/de\/category\/pravo\/\" rel=\"category tag\">Recht<\/a>, <a href=\"https:\/\/yuga.at\/de\/category\/pravo\/zakoni\/\" rel=\"category tag\">Gesetze<\/a>, <a href=\"https:\/\/yuga.at\/de\/category\/pravo\/zivot-i-rad\/\" rel=\"category tag\">Leben und Arbeit<\/a><\/div><\/div><div class=\"kt-blocks-post-footer-right\"><\/div><\/footer><\/div><\/div><\/article><article class=\"kt-blocks-post-grid-item post-18674 post type-post status-publish format-standard has-post-thumbnail hentry category-pravo category-zakoni tag-advokat tag-saobracaj tag-sud tag-zakon entry category-52 category-282\"><div class=\"kt-blocks-post-grid-item-inner-wrap kt-feat-image-align-top kt-feat-image-mobile-align-top\"><div class=\"kadence-post-image\"><div class=\"kadence-post-image-intrisic kt-image-ratio-66-67\" style=\"padding-bottom:66.67%;\"><div class=\"kadence-post-image-inner-intrisic\"><a aria-hidden=\"true\" tabindex=\"-1\" role=\"presentation\" href=\"https:\/\/yuga.at\/de\/kazne-u-austriji-zalba\/\" aria-label=\"Strafen in \u00d6sterreich: Wann Sie zahlen m\u00fcssen \u2013 und wann Sie Einspruch einlegen k\u00f6nnen\" class=\"kadence-post-image-inner-wrap\"><img loading=\"lazy\" decoding=\"async\" width=\"798\" height=\"532\" src=\"https:\/\/yuga.at\/wp-content\/uploads\/radar-kontrola-austrija.jpg\" class=\"attachment-large size-large wp-post-image\" alt=\"Kazne u Austriji\" srcset=\"https:\/\/yuga.at\/wp-content\/uploads\/radar-kontrola-austrija.jpg 1400w, https:\/\/yuga.at\/wp-content\/uploads\/radar-kontrola-austrija-978x652.jpg 978w, https:\/\/yuga.at\/wp-content\/uploads\/radar-kontrola-austrija-768x512.jpg 768w, https:\/\/yuga.at\/wp-content\/uploads\/radar-kontrola-austrija-391x260.jpg 391w, https:\/\/yuga.at\/wp-content\/uploads\/radar-kontrola-austrija-18x12.jpg 18w, https:\/\/yuga.at\/wp-content\/uploads\/radar-kontrola-austrija-50x33.jpg 50w, https:\/\/yuga.at\/wp-content\/uploads\/radar-kontrola-austrija-243x162.jpg 243w\" sizes=\"auto, (max-width: 798px) 100vw, 798px\" \/><\/a><\/div><\/div><\/div><div class=\"kt-blocks-post-grid-item-inner\"><header><h2 class=\"entry-title\"><a href=\"https:\/\/yuga.at\/de\/kazne-u-austriji-zalba\/\">Strafen in \u00d6sterreich: Wann Sie zahlen m\u00fcssen \u2013 und wann Sie Einspruch einlegen k\u00f6nnen<\/a><\/h2><div class=\"kt-blocks-post-top-meta\"><\/div><\/header><div class=\"entry-content\">Mnogi ljudi iz na\u0161eg regiona koji \u017eive u Austriji bar jednom su dobili kaznu, naj\u010de\u0161\u0107e za parking, saobra\u0107ajni prekr\u0161aj ili vo\u017enju bez karte u&#8230;<\/div><footer class=\"kt-blocks-post-footer\"><div class=\"kt-blocks-post-footer-left\"><div class=\"kt-blocks-date kt-blocks-post-footer-section\"><time datetime=\"7 M\u00e4rz 2026 | 17:02\" class=\"kt-blocks-post-date\">7 M\u00e4rz 2026 | 17:02<\/time><\/div><div class=\"kt-blocks-categories kt-blocks-post-footer-section\"><span class=\"kt-blocks-tags-icon\"><svg version=\"1.1\" xmlns=\"http:\/\/www.w3.org\/2000\/svg\" class=\"kt-blocks-cat-svg\" fill=\"currentColor\" width=\"32\" height=\"32\" viewbox=\"0 0 32 32\"><title>Kategorien<\/title>\n\t\t\t<path d=\"M0 10h32l-2 20h-28l-2-20zM29 6l1 2h-28l2-4h11l1 2h13z\"><\/path><\/svg><\/span><a href=\"https:\/\/yuga.at\/de\/category\/pravo\/\" rel=\"category tag\">Recht<\/a>, <a href=\"https:\/\/yuga.at\/de\/category\/pravo\/zakoni\/\" rel=\"category tag\">Gesetze<\/a><\/div><\/div><div class=\"kt-blocks-post-footer-right\"><\/div><\/footer><\/div><\/div><\/article><\/div><div class=\"kt-blocks-page-nav\">\n    <nav class=\"navigation pagination\" role=\"navigation\" aria-label=\"Seitennummerierung der Beitr\u00e4ge\">\n        <span class=\"screen-reader-text\">Seitennummerierung der Beitr\u00e4ge<\/span>\n        <div class=\"row column\">\n            <div class=\"nav-links\"><span aria-current=\"page\" class=\"page-numbers current\">1<\/span>\n<a class=\"page-numbers\" href=\"https:\/\/yuga.at\/de\/wp-json\/wp\/v2\/pages\/13101\/page\/2\/\">2<\/a>\n<a class=\"page-numbers\" href=\"https:\/\/yuga.at\/de\/wp-json\/wp\/v2\/pages\/13101\/page\/3\/\">3<\/a>\n<a class=\"page-numbers\" href=\"https:\/\/yuga.at\/de\/wp-json\/wp\/v2\/pages\/13101\/page\/4\/\">4<\/a>\n<span class=\"page-numbers dots\">&hellip;<\/span>\n<a class=\"page-numbers\" href=\"https:\/\/yuga.at\/de\/wp-json\/wp\/v2\/pages\/13101\/page\/38\/\">38<\/a>\n<a class=\"next page-numbers\" href=\"https:\/\/yuga.at\/de\/wp-json\/wp\/v2\/pages\/13101\/page\/2\/\"><span class=\"screen-reader-text\">Next Page<\/span><svg style=\"display:inline-block;vertical-align:middle\" aria-hidden=\"true\" class=\"kt-blocks-pagination-right-svg\" viewbox=\"0 0 320 512\" height=\"14\" width=\"8\" fill=\"currentColor\" xmlns=\"http:\/\/www.w3.org\/2000\/svg\"><path d=\"M285.476 272.971L91.132 467.314c-9.373 9.373-24.569 9.373-33.941 0l-22.667-22.667c-9.357-9.357-9.375-24.522-.04-33.901L188.505 256 34.484 101.255c-9.335-9.379-9.317-24.544.04-33.901l22.667-22.667c9.373-9.373 24.569-9.373 33.941 0L285.475 239.03c9.373 9.372 9.373 24.568.001 33.941z\"><\/path><\/svg><\/a><\/div>\n        <\/div>\n    <\/nav><\/div><\/div><!-- .wp-block-kadence-postgrid -->","protected":false},"excerpt":{"rendered":"","protected":false},"author":2,"featured_media":0,"parent":0,"menu_order":0,"comment_status":"closed","ping_status":"closed","template":"","meta":{"_acf_changed":false,"_kad_blocks_custom_css":"","_kad_blocks_head_custom_js":"","_kad_blocks_body_custom_js":"","_kad_blocks_footer_custom_js":"","footnotes":""},"class_list":["post-13101","page","type-page","status-publish","hentry","entry","post-no-thumbnail"],"acf":[],"yoast_head":"<!-- This site is optimized with the Yoast SEO plugin v27.3 - https:\/\/yoast.com\/product\/yoast-seo-wordpress\/ -->\n<title>Objave - YUga.at<\/title>\n<meta name=\"robots\" content=\"index, follow, max-snippet:-1, max-image-preview:large, max-video-preview:-1\" \/>\n<link rel=\"canonical\" href=\"https:\/\/yuga.at\/de\/veroeffentlicht\/\" \/>\n<meta property=\"og:locale\" content=\"de_DE\" \/>\n<meta property=\"og:type\" content=\"article\" \/>\n<meta property=\"og:title\" content=\"Objave - YUga.at\" \/>\n<meta property=\"og:url\" content=\"https:\/\/yuga.at\/de\/veroeffentlicht\/\" \/>\n<meta property=\"og:site_name\" content=\"YUga.at\" \/>\n<meta property=\"article:publisher\" content=\"https:\/\/www.facebook.com\/yuga.austria\" \/>\n<meta property=\"article:modified_time\" content=\"2023-09-03T23:00:52+00:00\" \/>\n<meta name=\"twitter:card\" content=\"summary_large_image\" \/>\n<script type=\"application\/ld+json\" class=\"yoast-schema-graph\">{\"@context\":\"https:\\\/\\\/schema.org\",\"@graph\":[{\"@type\":\"WebPage\",\"@id\":\"https:\\\/\\\/yuga.at\\\/objave\\\/\",\"url\":\"https:\\\/\\\/yuga.at\\\/objave\\\/\",\"name\":\"Objave - YUga.at\",\"isPartOf\":{\"@id\":\"https:\\\/\\\/yuga.at\\\/#website\"},\"datePublished\":\"2023-06-06T11:31:31+00:00\",\"dateModified\":\"2023-09-03T23:00:52+00:00\",\"breadcrumb\":{\"@id\":\"https:\\\/\\\/yuga.at\\\/objave\\\/#breadcrumb\"},\"inLanguage\":\"de\",\"potentialAction\":[{\"@type\":\"ReadAction\",\"target\":[\"https:\\\/\\\/yuga.at\\\/objave\\\/\"]}]},{\"@type\":\"BreadcrumbList\",\"@id\":\"https:\\\/\\\/yuga.at\\\/objave\\\/#breadcrumb\",\"itemListElement\":[{\"@type\":\"ListItem\",\"position\":1,\"name\":\"Home\",\"item\":\"https:\\\/\\\/yuga.at\\\/\"},{\"@type\":\"ListItem\",\"position\":2,\"name\":\"Objave\"}]},{\"@type\":\"WebSite\",\"@id\":\"https:\\\/\\\/yuga.at\\\/#website\",\"url\":\"https:\\\/\\\/yuga.at\\\/\",\"name\":\"YUga.at\",\"description\":\"exYU Portal\",\"publisher\":{\"@id\":\"https:\\\/\\\/yuga.at\\\/#organization\"},\"potentialAction\":[{\"@type\":\"SearchAction\",\"target\":{\"@type\":\"EntryPoint\",\"urlTemplate\":\"https:\\\/\\\/yuga.at\\\/?s={search_term_string}\"},\"query-input\":{\"@type\":\"PropertyValueSpecification\",\"valueRequired\":true,\"valueName\":\"search_term_string\"}}],\"inLanguage\":\"de\"},{\"@type\":\"Organization\",\"@id\":\"https:\\\/\\\/yuga.at\\\/#organization\",\"name\":\"YUga.at\",\"url\":\"https:\\\/\\\/yuga.at\\\/\",\"logo\":{\"@type\":\"ImageObject\",\"inLanguage\":\"de\",\"@id\":\"https:\\\/\\\/yuga.at\\\/#\\\/schema\\\/logo\\\/image\\\/\",\"url\":\"https:\\\/\\\/yuga.at\\\/wp-content\\\/uploads\\\/yuga-logo-black-250.png\",\"contentUrl\":\"https:\\\/\\\/yuga.at\\\/wp-content\\\/uploads\\\/yuga-logo-black-250.png\",\"width\":250,\"height\":143,\"caption\":\"YUga.at\"},\"image\":{\"@id\":\"https:\\\/\\\/yuga.at\\\/#\\\/schema\\\/logo\\\/image\\\/\"},\"sameAs\":[\"https:\\\/\\\/www.facebook.com\\\/yuga.austria\",\"https:\\\/\\\/www.instagram.com\\\/yuga.at\\\/\"]}]}<\/script>\n<!-- \/ Yoast SEO plugin. -->","yoast_head_json":{"title":"Objave - YUga.at","robots":{"index":"index","follow":"follow","max-snippet":"max-snippet:-1","max-image-preview":"max-image-preview:large","max-video-preview":"max-video-preview:-1"},"canonical":"https:\/\/yuga.at\/de\/veroeffentlicht\/","og_locale":"de_DE","og_type":"article","og_title":"Objave - YUga.at","og_url":"https:\/\/yuga.at\/de\/veroeffentlicht\/","og_site_name":"YUga.at","article_publisher":"https:\/\/www.facebook.com\/yuga.austria","article_modified_time":"2023-09-03T23:00:52+00:00","twitter_card":"summary_large_image","schema":{"@context":"https:\/\/schema.org","@graph":[{"@type":"WebPage","@id":"https:\/\/yuga.at\/objave\/","url":"https:\/\/yuga.at\/objave\/","name":"Objave - YUga.at","isPartOf":{"@id":"https:\/\/yuga.at\/#website"},"datePublished":"2023-06-06T11:31:31+00:00","dateModified":"2023-09-03T23:00:52+00:00","breadcrumb":{"@id":"https:\/\/yuga.at\/objave\/#breadcrumb"},"inLanguage":"de","potentialAction":[{"@type":"ReadAction","target":["https:\/\/yuga.at\/objave\/"]}]},{"@type":"BreadcrumbList","@id":"https:\/\/yuga.at\/objave\/#breadcrumb","itemListElement":[{"@type":"ListItem","position":1,"name":"Home","item":"https:\/\/yuga.at\/"},{"@type":"ListItem","position":2,"name":"Objave"}]},{"@type":"WebSite","@id":"https:\/\/yuga.at\/#website","url":"https:\/\/yuga.at\/","name":"YUga.at","description":"exYU Portal","publisher":{"@id":"https:\/\/yuga.at\/#organization"},"potentialAction":[{"@type":"SearchAction","target":{"@type":"EntryPoint","urlTemplate":"https:\/\/yuga.at\/?s={search_term_string}"},"query-input":{"@type":"PropertyValueSpecification","valueRequired":true,"valueName":"search_term_string"}}],"inLanguage":"de"},{"@type":"Organization","@id":"https:\/\/yuga.at\/#organization","name":"YUga.at","url":"https:\/\/yuga.at\/","logo":{"@type":"ImageObject","inLanguage":"de","@id":"https:\/\/yuga.at\/#\/schema\/logo\/image\/","url":"https:\/\/yuga.at\/wp-content\/uploads\/yuga-logo-black-250.png","contentUrl":"https:\/\/yuga.at\/wp-content\/uploads\/yuga-logo-black-250.png","width":250,"height":143,"caption":"YUga.at"},"image":{"@id":"https:\/\/yuga.at\/#\/schema\/logo\/image\/"},"sameAs":["https:\/\/www.facebook.com\/yuga.austria","https:\/\/www.instagram.com\/yuga.at\/"]}]}},"taxonomy_info":[],"featured_image_src_large":false,"author_info":{"display_name":"Branko Todorovic","author_link":"https:\/\/yuga.at\/de\/author\/branko\/"},"comment_info":0,"_links":{"self":[{"href":"https:\/\/yuga.at\/de\/wp-json\/wp\/v2\/pages\/13101","targetHints":{"allow":["GET"]}}],"collection":[{"href":"https:\/\/yuga.at\/de\/wp-json\/wp\/v2\/pages"}],"about":[{"href":"https:\/\/yuga.at\/de\/wp-json\/wp\/v2\/types\/page"}],"author":[{"embeddable":true,"href":"https:\/\/yuga.at\/de\/wp-json\/wp\/v2\/users\/2"}],"replies":[{"embeddable":true,"href":"https:\/\/yuga.at\/de\/wp-json\/wp\/v2\/comments?post=13101"}],"version-history":[{"count":3,"href":"https:\/\/yuga.at\/de\/wp-json\/wp\/v2\/pages\/13101\/revisions"}],"predecessor-version":[{"id":13634,"href":"https:\/\/yuga.at\/de\/wp-json\/wp\/v2\/pages\/13101\/revisions\/13634"}],"wp:attachment":[{"href":"https:\/\/yuga.at\/de\/wp-json\/wp\/v2\/media?parent=13101"}],"curies":[{"name":"wp","href":"https:\/\/api.w.org\/{rel}","templated":true}]}}